{"id":94,"date":"2019-02-17T10:12:17","date_gmt":"2019-02-17T09:12:17","guid":{"rendered":"https:\/\/argentoamico.com\/?page_id=94"},"modified":"2019-02-25T21:53:41","modified_gmt":"2019-02-25T20:53:41","slug":"hawana-silver-and-white","status":"publish","type":"page","link":"https:\/\/argentoamico.com\/index.php\/hawana-silver-and-white\/","title":{"rendered":"Hawana Silver and White"},"content":{"rendered":"<style type=\"text\/css\"><\/style>\n<p style=\"text-align:center\"><strong>CHAMPION POLSKI<\/strong><br> ur.08.01.2011<br> suczka hodowlana<\/p>\n\n\n\n<p style=\"text-align:center\">8 x z\u0142oto<br>\n1 x srebro<br>\n4 x br\u0105z<br>\n5 x CWC<br>\n2 X Zwyci\u0119zca Rasy (BOB)<br>\n2 X Najlepsza Doros\u0142a Suka<\/p>\n\n\n\n<p style=\"text-align:center\">Najlepszy Junior w Rasie<br>\n2 X Zwyci\u0119zca M\u0142odzie\u017cy<br>\nNajlepsze Szczeni\u0119 w Rasie<\/p>\n\n\n\n<div class=\"wp-block-image\"><figure class=\"aligncenter\"><img loading=\"lazy\" width=\"620\" height=\"413\" src=\"https:\/\/argentoamico.com\/wp-content\/uploads\/2019\/02\/hawana.jpg\" alt=\"\" class=\"wp-image-74\" srcset=\"https:\/\/argentoamico.com\/wp-content\/uploads\/2019\/02\/hawana.jpg 620w, https:\/\/argentoamico.com\/wp-content\/uploads\/2019\/02\/hawana-300x200.jpg 300w, https:\/\/argentoamico.com\/wp-content\/uploads\/2019\/02\/hawana-580x386.jpg 580w\" sizes=\"(max-width: 620px) 100vw, 620px\" \/><\/figure><\/div>\n\n\n\n<p>waga 2,3kg<\/p>\n\n\n\n<p>Krajowa Wystawa ps\u00f3w Rasowych &#8211; Przemy\u015bl, 10.08.2014<br>\nklasa champion\u00f3w, ocena doskona\u0142a, I lokata, z\u0142oto, CWC<br>\n&#8222;efektowna, dobrej jako\u015bci, typowy wyraz g\u0142owy, prawid\u0142owa linia szyji i grzbietu, dynamiczny ruch, doskona\u0142y gatunek szaty i wybarwienia, doskonale prezentowana&#8221;<br>\nS\u0119dzia Katarzyna Turecka(PL)<\/p>\n\n\n\n<p>Mi\u0119dzynarodowa Wystawa Ps\u00f3w Rasowych &#8211; \u0141\u00f3d\u017a, 10.05.2014<br>\nklasa otwarta, ocena doskona\u0142a, I lokata, z\u0142oto, CWC<br>\nS\u0119dzia Peter Jolley(GB)<\/p>\n\n\n\n<p>Krajowa Wystawa Ps\u00f3w Rasowych &#8211; Lublin, 13.04.2014<br>\nklasa otwarta, ocena doskona\u0142a, I lokata, z\u0142oto, CWC, Najlepsza Doros\u0142a Suka, BOB<br>\n&#8222;bardzo \u0142adna g\u0142owa z dobrymi uszami, db. d\u0142ugo\u015b\u0107 szyji, p\u0142ynna g\u00f3rna i dolna linia, db. k\u0105towane i ustawione ko\u0144czyny, db. rozwini\u0119ty korpus, w\u0142os db. w kolorze i jako\u015bci, prawid\u0142owy, r\u00f3wnoleg\u0142y, energiczny ruch, bdb. przygotowana&#8221;<br>\nS\u0119dzia \u0141ukasz Paw\u0142owski (PL)<\/p>\n\n\n\n<p>Mi\u0119dzynarodowa Wystawa Ps\u00f3w Rasowych -Rzesz\u00f3w, 15.02.2014<br>\nklasa otwarta, ocena doskona\u0142a, III lokata, br\u0105z<br>\n&#8222;elegancka, bardzo dobry wyraz, doskonale osadzona szyja, doskona\u0142a g\u00f3rna linia, dobra klatka piersiowa, szata doskona\u0142a w gatunku i kolorze&#8221;<br>\nS\u0119dzia Magdalena \u015awi\u0119to\u0144 (PL)<\/p>\n\n\n\n<p>Mi\u0119dzynarodowa Wystawa Ps\u00f3w Rasowych &#8211; Warszawa, 13-14.07.2013<br>\nklasa otwarta (w konkurencji 14 suk)<br>\nocena doskona\u0142a, III lokata, br\u0105z<br>\n&#8222;bardzo sucza, dobre proporcje, \u0142adna g\u0142owa o dobrym wyrazie, doskona\u0142e uszy, bardzo dobra szyja, dobra klatka piersiowa, doskona\u0142y kolor i tekstura, dobry prosty grzbiet, przyjemny ruch&#8221;<br>\nS\u0119dzia Jean-Jacques Dupas (F)<\/p>\n\n\n\n<p>Krajowa Wystawa Ps\u00f3w Rasowych &#8211; Lublin, 09.06.2013<br>\nklasa otwarta ( w konkurencji 4 suczki )<br>\nocena doskona\u0142a, III lokata, br\u0105z<br>\n&#8222;niedu\u017ca drobna suczka o dobrej g\u0142\u00f3wce, szata dobra w gatunku, dobrej d\u0142ugo\u015bci, \u0142adny kolor&#8221;<br>\nS\u0119dzia Aleksandra S\u0119kowska-Miros (PL)<\/p>\n\n\n\n<p>Krajowa Wystawa Ps\u00f3w Rasowych &#8211; Lublin, 24.04.2013<br>\nklasa otwarta ( w konkurencji 5 suczek)<br>\nocena doskona\u0142a, II lokata, srebro<br>\n&#8222;malutka, zgrabna suczka, ma\u0142e ciemne oko, d\u0142uga szyja, dobrze ustawione ko\u0144czyny przednie i tylne, szybka akcja ko\u0144czyn w ruchu, dobra jako\u015b\u0107 szaty&#8221;<br>\nS\u0119dzia Katarzyna Nitka (PL)<\/p>\n\n\n\n<p>Mi\u0119dzynarodowa Wystawa Ps\u00f3w Rasowych &#8211; Kielce, 10.11.2012<br>\nklasa po\u015brednia ( w konkurencji 8 suczek)<br>\nocena doskona\u0142a, III lokata, br\u0105z<br>\n&#8222;\u0142adna g\u0142\u00f3wka, nieznacznie osmolona, \u0142adna szyja i grzbiet, dobre tylne nogi, p\u0142aszczyk d\u0142ugi, jednolity, jedwabisty, dobre k\u0105ty, dobrze chodzi&#8221;<br>\nS\u0119dzia El\u017cbieta Chwalib\u00f3g (PL)<\/p>\n\n\n\n<p>Krajowa Wystawa Ps\u00f3w Rasowych &#8211; Przemy\u015bl, 23.09.2012<br>\nklasa po\u015brednia, (w konkurencji 4 szuczki)<br>\nocena doskona\u0142a, I lokata, z\u0142oto, CWC<br>\n&#8222;niedu\u017ca, elegancka suczka, o mi\u0142ym wyrazie g\u0142owy, doskonale osadzonej i noszonej szyji, prawid\u0142owa linia g\u00f3rna i dolna, prawid\u0142owo osadzony i noszony ogon, dynamiczny ruch, prawid\u0142owa szata i umaszczenie, \u0142adnie si\u0119 wystawia&#8221;<br>\nS\u0119dzia Katarzyna Turecka (PL)<\/p>\n\n\n\n<p>Mi\u0119dzynarodowa Wystawa Ps\u00f3w Rasowych &#8211; Warszawa, 7-8.07.2012<br>\n(klasa m\u0142odzie\u017cy, w konkurencji 16 suk)<br>\nocena doskona\u0142a<br>\n&#8222;suka dobrego frontu o sportowej sylwetce, w\u0142os dobrego gatunku, d\u0142ugie w\u0105sy, \u0142adna g\u0142\u00f3wka, \u0142adne z\u0119by, dobrze ustawione ko\u0144czyny przednie, dobre ko\u0144czyny tylne, sprawnie si\u0119 porusza, og\u00f3lny wygl\u0105d doskona\u0142y&#8221;<br>\nS\u0119dzia Viva Maria Soleckyj-Szpunar (PL)<\/p>\n\n\n\n<p>Krajowa Wystawa Ps\u00f3w Rasowych &#8211; Lublin, 10.06.2012<br>\n(klasa po\u015brednia)<br>\nocena doskona\u0142a &#8211; I lokata, z\u0142oto, CWC<br>\n&#8222;17 miesi\u0119czna niedu\u017ca w doskona\u0142ym typie suczka, sucza g\u0142\u00f3wka, szyja dobrej d\u0142ugo\u015bci, k\u0142\u0105b wyra\u017anie zaznaczony, krotki, prosty grzbiet, doskona\u0142e k\u0105towanie ko\u0144czyn, dynamiczny ruch, szata w trakcie wybarwiania&#8221;<br>\nS\u0119dzia Barbara Brandys (PL)<\/p>\n\n\n\n<p>Krajowa Wystawa Ps\u00f3w Rasowych &#8211; Radom, 20.05.2012<br>\n(klasa m\u0142odzie\u017cy, w konkurencji 6 suk)<br>\nocena doskona\u0142a &#8211; I lokata, z\u0142oto, Zwyci\u0119zca M\u0142odzie\u017cy<br>\n&#8222;\u0142adna g\u0142\u00f3wka, korpus kr\u00f3tki i p\u0142ytki, proste ramie, ty\u0142 k\u0105towany poprawnie, doskona\u0142a jedwabista sier\u015b\u0107, jednolity, pi\u0119kny p\u0142aszczyk, biega posuwi\u015bcie&#8221;<br>\nS\u0119dzia El\u017cbieta Chwalib\u00f3g (PL)<\/p>\n\n\n\n<p>Krajowa Wystawa Ps\u00f3w Rasowych &#8211; Lublin, 22.04.2012<br>\n(klasa m\u0142odzie\u017cy, w konkurencji 3 suki)<br>\nocena doskona\u0142a &#8211; I lokata, z\u0142oto, Zwyci\u0119zca M\u0142odzie\u017cy, Najlepszy Junior w Rasie, Zwyci\u0119zca Rasy<br>\n&#8222;b. elegancka, w doskona\u0142ym typie, proporcjonalnej budowy suczka, doskona\u0142a w wyrazie g\u0142owa, elegancka szyja, pi\u0119kna prosta linia g\u00f3rna, doskonale osadzony i noszony ogon, prawid\u0142owo k\u0105towane ko\u0144czyny, doskona\u0142y gatunek szaty, pi\u0119kny kolor p\u0142aszcza, doskona\u0142y temperament, doskona\u0142a w ruchu&#8221;<br>\nS\u0119dzia Krzysztof Czechowski (PL)<\/p>\n\n\n\n<p>Krajowa Wystawa Ps\u00f3w Rasowych &#8211; Przemy\u015bl, 04.09.2011<br>\n(klasa szczeni\u0105t, w konkurencji 3 suki)<br>\nocena wybitnie obiecuj\u0105ca &#8211; I lokata i tytu\u0142 Najlepsze Szczeni\u0119 w Rasie<br>\n&#8222;wybitnie zapowiadaj\u0105ca si\u0119 m\u0142oda suka, \u0142adna g\u0142owa, dobra szyja, idealnie prosty grzbiet, doskona\u0142e k\u0105towanie, szata we w\u0142osie i umaszczeniu stosowna do wieku&#8221;<br>\nS\u0119dzia Barbara Brandys (PL)<\/p>\n\n\n\n<p>Mi\u0119dzynarodowa Wystawa Ps\u00f3w Rasowych -Bia\u0142ystok, 28.08.2011<br>\n(klasa szczeni\u0105t, w konkurencji 3 suki )<br>\nocena wybitnie obiecuj\u0105ca &#8211; I lokata<br>\n&#8222;dobry korpus i ko\u015b\u0107, g\u0142owa dobra, proporcjonalna, doskona\u0142y charakter, dobry ruch&#8221;<br>\nS\u0119dzia Galina Zhuk (BY)<\/p>\n\n\n\n<p>Mi\u0119dzynarodowa Wystawa Ps\u00f3w Rasowych &#8211; Warszawa 17.07.2011<br>\n(klasa szczeni\u0105t, w konkurencji 5 suk)<br>\nocena wybitnie obiecuj\u0105ca<br>\n&#8222;dobry rozmiar, sucza g\u0142owa, w\u0105ska \u017cuchwa, elegancka szyja, dobra linia g\u00f3rna, dobre umaszczenie i kolor&#8221;<br>\ns\u0119dzia Inese Pablaka (LV)<\/p>\n\n\n\n<div class=\"wp-block-image\"><figure class=\"aligncenter\"><img loading=\"lazy\" width=\"700\" height=\"370\" src=\"https:\/\/argentoamico.com\/wp-content\/uploads\/2019\/02\/hawana_rodowod.jpg\" alt=\"\" class=\"wp-image-75\" srcset=\"https:\/\/argentoamico.com\/wp-content\/uploads\/2019\/02\/hawana_rodowod.jpg 700w, https:\/\/argentoamico.com\/wp-content\/uploads\/2019\/02\/hawana_rodowod-300x159.jpg 300w, https:\/\/argentoamico.com\/wp-content\/uploads\/2019\/02\/hawana_rodowod-580x307.jpg 580w\" sizes=\"(max-width: 700px) 100vw, 700px\" \/><\/figure><\/div>\n","protected":false},"excerpt":{"rendered":"<p>CHAMPION POLSKI ur.08.01.2011 suczka hodowlana 8 x z\u0142oto 1 x srebro 4 x br\u0105z 5 x CWC 2 X Zwyci\u0119zca Rasy (BOB) 2 X Najlepsza Doros\u0142a Suka Najlepszy Junior w Rasie 2 X Zwyci\u0119zca M\u0142odzie\u017cy Najlepsze Szczeni\u0119 w Rasie waga 2,3kg Krajowa Wystawa ps\u00f3w Rasowych &#8211; Przemy\u015bl, 10.08.2014 klasa champion\u00f3w, ocena doskona\u0142a, I lokata, z\u0142oto,&#8230;<\/p>\n","protected":false},"author":2,"featured_media":0,"parent":0,"menu_order":0,"comment_status":"closed","ping_status":"closed","template":"","meta":{"ngg_post_thumbnail":0},"_links":{"self":[{"href":"https:\/\/argentoamico.com\/index.php\/wp-json\/wp\/v2\/pages\/94"}],"collection":[{"href":"https:\/\/argentoamico.com\/index.php\/wp-json\/wp\/v2\/pages"}],"about":[{"href":"https:\/\/argentoamico.com\/index.php\/wp-json\/wp\/v2\/types\/page"}],"author":[{"embeddable":true,"href":"https:\/\/argentoamico.com\/index.php\/wp-json\/wp\/v2\/users\/2"}],"replies":[{"embeddable":true,"href":"https:\/\/argentoamico.com\/index.php\/wp-json\/wp\/v2\/comments?post=94"}],"version-history":[{"count":5,"href":"https:\/\/argentoamico.com\/index.php\/wp-json\/wp\/v2\/pages\/94\/revisions"}],"predecessor-version":[{"id":436,"href":"https:\/\/argentoamico.com\/index.php\/wp-json\/wp\/v2\/pages\/94\/revisions\/436"}],"wp:attachment":[{"href":"https:\/\/argentoamico.com\/index.php\/wp-json\/wp\/v2\/media?parent=94"}],"curies":[{"name":"wp","href":"https:\/\/api.w.org\/{rel}","templated":true}]}}